{"id":3607,"date":"2022-05-03T14:18:18","date_gmt":"2022-05-03T12:18:18","guid":{"rendered":"https:\/\/cesarbaggio.fr\/WP\/?page_id=3607"},"modified":"2025-09-02T16:26:02","modified_gmt":"2025-09-02T14:26:02","slug":"contacts","status":"publish","type":"page","link":"https:\/\/cesarbaggio.fr\/WP\/contacts\/","title":{"rendered":"CONTACTS"},"content":{"rendered":"\n<hr class=\"wp-block-separator has-css-opacity\"\/>\n\n\n\n<div class=\"wp-block-columns is-layout-flex wp-container-core-columns-is-layout-28f84493 wp-block-columns-is-layout-flex\">\n<div class=\"wp-block-column is-layout-flow wp-block-column-is-layout-flow\">\n<h2><strong>Cit\u00e9 C\u00e9sar Baggio<\/strong><\/h2>\n<section>\n<p><strong>Boulevard d&rsquo;Alsace<\/strong><\/p>\n<p><strong>59000 Lille<\/strong><\/p>\n<p><strong>T\u00e9l : 03 20 88 67 88<\/strong><\/p>\n<p><strong>Fax : 03 20 88 62 17<\/strong><\/p>\n<p>Mail :&nbsp;<a href=\"mailto:baggio@ac-lille.fr\">baggio@ac-lille.fr<\/a><\/p>\n<\/section>\n<p><strong>Horaires : 08h00 \u00e0 17h45 (lun-ven)<\/strong><\/p>\n<\/div>\n\n\n\n<div class=\"wp-block-column is-layout-flow wp-block-column-is-layout-flow\">\n<h2><strong>UFA &#8211; Lyc\u00e9e Baggio<\/strong><\/h2>\n<section>\n<p><strong>Boulevard d&rsquo;Alsace<\/strong><\/p>\n<p><strong>59000 Lille<\/strong><\/p>\n<p><strong>T\u00e9l : 03 20 88 67 82<\/strong><\/p>\n<p>Mail : <a href=\"mailto:ufa.baggio@ac-lille.fr\">ufa.baggio@ac-lille.fr<\/a><\/p>\n<\/section>\n<p><strong>Horaires : 08h00 \u00e0 17h00 (lun-ven)<\/strong><\/p>\n<\/div>\n<\/div>\n\n\n<p><iframe loading=\"lazy\" title=\"Lycee Baggio  \" src=\"https:\/\/maps.google.com\/maps?q=Lycee%20Baggio%20%20&amp;t=m&amp;z=15&amp;output=embed&amp;iwloc=near\" width=\"90%\" height=\"500\" frameborder=\"0\" marginwidth=\"0\" marginheight=\"0\" scrolling=\"no\" aria-label=\"Lycee Baggio  \"><\/iframe><\/p>\n<p><br style=\"color: #000000; font-family: Verdana, Arial, Helvetica, sans-serif; font-size: 11px; text-align: justify;\" \/><img loading=\"lazy\" decoding=\"async\" style=\"margin: 0px;\" src=\"http:\/\/www.lycee-baggio.fr\/images\/icone-fleche.gif\" alt=\"\" width=\"15\" height=\"15\" \/>\u00a0T\u00e9l\u00e9phone<br style=\"color: #000000; font-family: Verdana, Arial, Helvetica, sans-serif; font-size: 11px; text-align: justify;\" \/><br style=\"color: #000000; font-family: Verdana, Arial, Helvetica, sans-serif; font-size: 11px; text-align: justify;\" \/><span style=\"font-size: 12pt;\"><strong style=\"color: #000000; font-family: Verdana, Arial, Helvetica, sans-serif; text-align: justify;\">Accueil \u00e9l\u00e8ves :<\/strong>\u00a003 20 88 62 22<\/span><br style=\"color: #000000; font-family: Verdana, Arial, Helvetica, sans-serif; font-size: 11px; text-align: justify;\" \/><span style=\"font-size: 12pt;\"><strong style=\"color: #000000; font-family: Verdana, Arial, Helvetica, sans-serif; text-align: justify;\">Conseiller d&rsquo;orientation :<\/strong>\u00a003 20 88 67 88\u00a0\u00a0 Poste : 66 49<\/span><br style=\"color: #000000; font-family: Verdana, Arial, Helvetica, sans-serif; font-size: 11px; text-align: justify;\" \/><span style=\"font-size: 12pt;\"><strong style=\"color: #000000; font-family: Verdana, Arial, Helvetica, sans-serif; text-align: justify;\">Association des parents d&rsquo;\u00e9l\u00e8ves F.C.P.E. :<\/strong> 06 95 94 40 10<\/span><br style=\"color: #000000; font-family: Verdana, Arial, Helvetica, sans-serif; font-size: 11px; text-align: justify;\" \/><span style=\"font-size: 12pt;\"><strong style=\"color: #000000; font-family: Verdana, Arial, Helvetica, sans-serif; text-align: justify;\">Association des parents d&rsquo;\u00e9l\u00e8ves P.E.E.P. :<\/strong>\u00a003 20 88 64 62\u00a0<\/span><br style=\"color: #000000; font-family: Verdana, Arial, Helvetica, sans-serif; font-size: 11px; text-align: justify;\" \/><br style=\"color: #000000; font-family: Verdana, Arial, Helvetica, sans-serif; font-size: 11px; text-align: justify;\" \/><span style=\"font-size: 12pt;\"><strong style=\"color: #000000; font-family: Verdana, Arial, Helvetica, sans-serif; text-align: justify;\">Secr\u00e9tariat de direction :\u00a0<\/strong>03 20 88 67 72\u00a0<\/span><br style=\"color: #000000; font-family: Verdana, Arial, Helvetica, sans-serif; font-size: 11px; text-align: justify;\" \/><span style=\"font-size: 12pt;\"><strong style=\"color: #000000; font-family: Verdana, Arial, Helvetica, sans-serif; text-align: justify;\">Secr\u00e9tariat intendance :\u00a0<\/strong>03 20 88 67 93\u00a0<\/span><br style=\"color: #000000; font-family: Verdana, Arial, Helvetica, sans-serif; font-size: 11px; text-align: justify;\" \/><span style=\"font-size: 12pt;\"><strong style=\"color: #000000; font-family: Verdana, Arial, Helvetica, sans-serif; text-align: justify;\">Secr\u00e9tariat du Proviseur adjoint L.G.T. :\u00a0<\/strong>03 20 88 67 81\u00a0<\/span><br style=\"color: #000000; font-family: Verdana, Arial, Helvetica, sans-serif; font-size: 11px; text-align: justify;\" \/><span style=\"font-size: 12pt;\"><strong style=\"color: #000000; font-family: Verdana, Arial, Helvetica, sans-serif; text-align: justify;\">Vie scolaire LGT :\u00a0<\/strong>03 20 88 62 11\u00a0<\/span><br style=\"color: #000000; font-family: Verdana, Arial, Helvetica, sans-serif; font-size: 11px; text-align: justify;\" \/><span style=\"font-size: 12pt;\"><strong style=\"color: #000000; font-family: Verdana, Arial, Helvetica, sans-serif; text-align: justify;\">Secr\u00e9tariat du Lyc\u00e9e Professionnel :\u00a0<\/strong>03 20 88 67 98\u00a0<\/span><br style=\"color: #000000; font-family: Verdana, Arial, Helvetica, sans-serif; font-size: 11px; text-align: justify;\" \/><span style=\"font-size: 12pt;\"><strong style=\"color: #000000; font-family: Verdana, Arial, Helvetica, sans-serif; text-align: justify;\">Vie scolaire LP :\u00a0<\/strong>03 20 88 62 22\u00a0<\/span><br style=\"color: #000000; font-family: Verdana, Arial, Helvetica, sans-serif; font-size: 11px; text-align: justify;\" \/><span style=\"font-size: 12pt;\"><strong style=\"color: #000000; font-family: Verdana, Arial, Helvetica, sans-serif; text-align: justify;\">Assistante du Chef des travaux :\u00a0<\/strong>03 20 88 67 75\u00a0<\/span><br style=\"color: #000000; font-family: Verdana, Arial, Helvetica, sans-serif; font-size: 11px; text-align: justify;\" \/><span style=\"font-size: 12pt;\"><strong style=\"color: #000000; font-family: Verdana, Arial, Helvetica, sans-serif; text-align: justify;\">Secr\u00e9tariat U.F.A. :<\/strong>\u00a003 20 88 67 82\u00a0<\/span><br style=\"color: #000000; font-family: Verdana, Arial, Helvetica, sans-serif; font-size: 11px; text-align: justify;\" \/><br style=\"color: #000000; font-family: Verdana, Arial, Helvetica, sans-serif; font-size: 11px; text-align: justify;\" \/><br style=\"color: #000000; font-family: Verdana, Arial, Helvetica, sans-serif; font-size: 11px; text-align: justify;\" \/><span style=\"font-size: 12pt;\"><img loading=\"lazy\" decoding=\"async\" style=\"margin: 0px;\" src=\"http:\/\/www.lycee-baggio.fr\/images\/icone-fleche.gif\" alt=\"\" width=\"15\" height=\"15\" \/>\u00a0FAX<\/span><br style=\"color: #000000; font-family: Verdana, Arial, Helvetica, sans-serif; font-size: 11px; text-align: justify;\" \/><br style=\"color: #000000; font-family: Verdana, Arial, Helvetica, sans-serif; font-size: 11px; text-align: justify;\" \/><span style=\"font-size: 12pt;\"><strong style=\"color: #000000; font-family: Verdana, Arial, Helvetica, sans-serif; text-align: justify;\">Secr\u00e9tariat du Proviseur :\u00a0<\/strong>03 20 88 62 17<\/span><br style=\"color: #000000; font-family: Verdana, Arial, Helvetica, sans-serif; font-size: 11px; text-align: justify;\" \/><span style=\"font-size: 12pt;\"><strong style=\"color: #000000; font-family: Verdana, Arial, Helvetica, sans-serif; text-align: justify;\">Intendant et gestion mat\u00e9rielle :\u00a0<\/strong>03 20 88 67 77<\/span><br style=\"color: #000000; font-family: Verdana, Arial, Helvetica, sans-serif; font-size: 11px; text-align: justify;\" \/><span style=\"font-size: 12pt;\"><strong style=\"color: #000000; font-family: Verdana, Arial, Helvetica, sans-serif; text-align: justify;\">Chef des travaux :\u00a0<\/strong>03 20 88 64 64<\/span><\/p>\n<section style=\"-webkit-border-horizontal-spacing: 2px; -webkit-border-vertical-spacing: 2px;\">\u00a0<\/section>\n<section style=\"-webkit-border-horizontal-spacing: 2px; -webkit-border-vertical-spacing: 2px;\"><a href=\"https:\/\/cesarbaggio.fr\/WP\/wp-content\/uploads\/2021\/09\/3.7-Organigramme-EPLE-2021-2022.pdf\">Organigramme 2021-2022<\/a><\/section>\n\n\n<p><\/p>\n","protected":false},"excerpt":{"rendered":"<p>Cit\u00e9 C\u00e9sar Baggio Boulevard d&rsquo;Alsace 59000 Lille T\u00e9l : 03 20 88 67 88 Fax&#8230;<\/p>\n","protected":false},"author":1,"featured_media":0,"parent":0,"menu_order":5,"comment_status":"closed","ping_status":"closed","template":"","meta":{"footnotes":""},"class_list":["post-3607","page","type-page","status-publish","hentry"],"jetpack_sharing_enabled":true,"_links":{"self":[{"href":"https:\/\/cesarbaggio.fr\/WP\/wp-json\/wp\/v2\/pages\/3607","targetHints":{"allow":["GET"]}}],"collection":[{"href":"https:\/\/cesarbaggio.fr\/WP\/wp-json\/wp\/v2\/pages"}],"about":[{"href":"https:\/\/cesarbaggio.fr\/WP\/wp-json\/wp\/v2\/types\/page"}],"author":[{"embeddable":true,"href":"https:\/\/cesarbaggio.fr\/WP\/wp-json\/wp\/v2\/users\/1"}],"replies":[{"embeddable":true,"href":"https:\/\/cesarbaggio.fr\/WP\/wp-json\/wp\/v2\/comments?post=3607"}],"version-history":[{"count":4,"href":"https:\/\/cesarbaggio.fr\/WP\/wp-json\/wp\/v2\/pages\/3607\/revisions"}],"predecessor-version":[{"id":5592,"href":"https:\/\/cesarbaggio.fr\/WP\/wp-json\/wp\/v2\/pages\/3607\/revisions\/5592"}],"wp:attachment":[{"href":"https:\/\/cesarbaggio.fr\/WP\/wp-json\/wp\/v2\/media?parent=3607"}],"curies":[{"name":"wp","href":"https:\/\/api.w.org\/{rel}","templated":true}]}}